{"id":12,"date":"2024-05-28T00:20:18","date_gmt":"2024-05-28T00:20:18","guid":{"rendered":"https:\/\/cintiacoturel.com.ar\/builder\/?page_id=12"},"modified":"2025-06-04T11:30:09","modified_gmt":"2025-06-04T11:30:09","slug":"cintia-coturel","status":"publish","type":"page","link":"https:\/\/cintiacoturel.com.ar\/builder\/cintia-coturel\/","title":{"rendered":"CINTIA COTUREL"},"content":{"rendered":"<p>[et_pb_section fb_built=\u00bb1&#8243; fullwidth=\u00bbon\u00bb _builder_version=\u00bb4.25.1&#8243; _module_preset=\u00bbdefault\u00bb global_colors_info=\u00bb{}\u00bb][et_pb_nextend_smart_slider_3_fullwidth slider=\u00bb3&#8243; _builder_version=\u00bb4.25.1&#8243; _module_preset=\u00bbdefault\u00bb global_colors_info=\u00bb{}\u00bb][\/et_pb_nextend_smart_slider_3_fullwidth][\/et_pb_section][et_pb_section fb_built=\u00bb1&#8243; _builder_version=\u00bb4.25.1&#8243; _module_preset=\u00bbdefault\u00bb custom_margin=\u00bb-4px|||||\u00bb custom_padding=\u00bb2px||19px|||\u00bb global_colors_info=\u00bb{}\u00bb][et_pb_row column_structure=\u00bb2_3,1_3&#8243; _builder_version=\u00bb4.25.1&#8243; _module_preset=\u00bbdefault\u00bb custom_padding=\u00bb4px|||||\u00bb global_colors_info=\u00bb{}\u00bb][et_pb_column type=\u00bb2_3&#8243; _builder_version=\u00bb4.25.1&#8243; _module_preset=\u00bbdefault\u00bb global_colors_info=\u00bb{}\u00bb][et_pb_text _builder_version=\u00bb4.25.1&#8243; _module_preset=\u00bbdefault\u00bb text_font=\u00bbavant|600|||||||\u00bb text_text_color=\u00bb#505e29&#8243; text_font_size=\u00bb37px\u00bb text_letter_spacing=\u00bb1px\u00bb text_font_size_tablet=\u00bb30px\u00bb text_font_size_phone=\u00bb24px\u00bb text_font_size_last_edited=\u00bbon|desktop\u00bb text_orientation_tablet=\u00bb\u00bb text_orientation_phone=\u00bbcenter\u00bb text_orientation_last_edited=\u00bbon|desktop\u00bb global_colors_info=\u00bb{}\u00bb]<\/p>\n<p>&nbsp;<\/p>\n<p>Dra. Cintia Cristina Coturel<\/p>\n<p>[\/et_pb_text][et_pb_text _builder_version=\u00bb4.25.1&#8243; _module_preset=\u00bbdefault\u00bb text_font=\u00bbavant||||||||\u00bb text_text_color=\u00bb#000000&#8243; text_font_size=\u00bb15px\u00bb custom_margin=\u00bb-20px|||||\u00bb text_orientation_tablet=\u00bb\u00bb text_orientation_phone=\u00bb\u00bb text_orientation_last_edited=\u00bbon|phone\u00bb global_colors_info=\u00bb{}\u00bb]<\/p>\n<p>Comenz\u00f3 su carrera trabajando como meritoria en un Juzgado Federal de la Seguridad Social. Posteriormente, pas\u00f3 al \u00e1mbito privado, desempe\u00f1\u00e1ndose como procuradora en un Estudio Jur\u00eddico. Integr\u00f3 el Equipo de Atenci\u00f3n de Casos de Violaciones a los DDHH de la Fundaci\u00f3n Serpaj, presidida por el Premio Nobel de la Paz, Adolfo P\u00e9rez Esquivel.<\/p>\n<p>En el a\u00f1o 2008, fund\u00f3 su Estudio Jur\u00eddico, el cual tuvo sus oficinas en el Partido de Lan\u00fas hasta el a\u00f1o 2020 y a partir de 2021, pas\u00f3 a tener sus oficinas en Capital Federal.<\/p>\n<p>[\/et_pb_text][et_pb_text _builder_version=\u00bb4.25.1&#8243; _module_preset=\u00bbdefault\u00bb text_font=\u00bbavant|700|||||||\u00bb text_text_color=\u00bb#FFFFFF\u00bb text_font_size=\u00bb16px\u00bb text_letter_spacing=\u00bb1px\u00bb background_color=\u00bb#4d5609&#8243; background_enable_image=\u00bboff\u00bb custom_margin=\u00bb||20px||false|false\u00bb custom_padding=\u00bb|||20px|false|false\u00bb global_colors_info=\u00bb{}\u00bb]<\/p>\n<p>Abogada egresada con Honores de la UBA (2006)<\/p>\n<p>[\/et_pb_text][et_pb_text _builder_version=\u00bb4.25.1&#8243; _module_preset=\u00bbdefault\u00bb text_font=\u00bbavant|700|||||||\u00bb text_text_color=\u00bb#FFFFFF\u00bb text_font_size=\u00bb16px\u00bb text_letter_spacing=\u00bb1px\u00bb background_color=\u00bb#4d5609&#8243; background_enable_image=\u00bboff\u00bb custom_margin=\u00bb-13px||||false|false\u00bb custom_padding=\u00bb|||20px|false|false\u00bb global_colors_info=\u00bb{}\u00bb]<\/p>\n<p>Mag\u00edster en Derecho del Trabajo y Relaciones Laborales Internacionales (UNTREF)<\/p>\n<p>[\/et_pb_text][et_pb_text _builder_version=\u00bb4.25.1&#8243; _module_preset=\u00bbdefault\u00bb text_font=\u00bbavant|700|||||||\u00bb text_text_color=\u00bb#FFFFFF\u00bb text_font_size=\u00bb16px\u00bb text_letter_spacing=\u00bb1px\u00bb background_color=\u00bb#4d5609&#8243; background_enable_image=\u00bboff\u00bb custom_margin=\u00bb-22px||||false|false\u00bb custom_padding=\u00bb|||20px|false|false\u00bb global_colors_info=\u00bb{}\u00bb]<\/p>\n<p>Diplomada en Derechos Humanos (Universidad Austral)<\/p>\n<p>[\/et_pb_text][et_pb_text _builder_version=\u00bb4.25.1&#8243; _module_preset=\u00bbdefault\u00bb text_font=\u00bbavant|700|||||||\u00bb text_text_color=\u00bb#FFFFFF\u00bb text_font_size=\u00bb16px\u00bb text_letter_spacing=\u00bb1px\u00bb background_color=\u00bb#4d5609&#8243; background_enable_image=\u00bboff\u00bb custom_margin=\u00bb-23px||||false|false\u00bb custom_padding=\u00bb|||20px|false|false\u00bb global_colors_info=\u00bb{}\u00bb]<\/p>\n<p>Docente de la UBA en la materia \u00abDerecho de la Seguridad Social\u00bb.<\/p>\n<p>[\/et_pb_text][et_pb_text _builder_version=\u00bb4.25.1&#8243; _module_preset=\u00bbdefault\u00bb text_font=\u00bbavant|700|||||||\u00bb text_text_color=\u00bb#FFFFFF\u00bb text_font_size=\u00bb16px\u00bb text_letter_spacing=\u00bb1px\u00bb background_color=\u00bb#4d5609&#8243; background_enable_image=\u00bboff\u00bb custom_margin=\u00bb-22px||20px||false|false\u00bb custom_padding=\u00bb|||20px|false|false\u00bb global_colors_info=\u00bb{}\u00bb]<\/p>\n<p>Docente de la Diplomatura en Seguridad Social de la UCASAL (2023)<\/p>\n<p>[\/et_pb_text][et_pb_text _builder_version=\u00bb4.25.1&#8243; _module_preset=\u00bbdefault\u00bb text_font=\u00bbavant|700|||||||\u00bb text_text_color=\u00bb#FFFFFF\u00bb text_font_size=\u00bb16px\u00bb text_letter_spacing=\u00bb1px\u00bb background_color=\u00bb#4d5609&#8243; background_enable_image=\u00bboff\u00bb custom_margin=\u00bb-13px||||false|false\u00bb custom_padding=\u00bb|||20px|false|false\u00bb global_colors_info=\u00bb{}\u00bb]<\/p>\n<p>Miembro del Instituto de Seguridad Social del CPACF.<\/p>\n<p>[\/et_pb_text][et_pb_text _builder_version=\u00bb4.25.1&#8243; _module_preset=\u00bbdefault\u00bb text_font=\u00bbavant|700|||||||\u00bb text_text_color=\u00bb#FFFFFF\u00bb text_font_size=\u00bb16px\u00bb text_letter_spacing=\u00bb1px\u00bb background_color=\u00bb#4d5609&#8243; background_enable_image=\u00bboff\u00bb custom_margin=\u00bb-21px||||false|false\u00bb custom_padding=\u00bb|||20px|false|false\u00bb global_colors_info=\u00bb{}\u00bb]<\/p>\n<p>Miembro de la Comisi\u00f3n de Expertos en Seguridad Social de la Asociaci\u00f3n de Abogados del Fuero.<\/p>\n<p>[\/et_pb_text][et_pb_text _builder_version=\u00bb4.25.1&#8243; _module_preset=\u00bbdefault\u00bb text_font=\u00bbavant|700|||||||\u00bb text_text_color=\u00bb#FFFFFF\u00bb text_font_size=\u00bb16px\u00bb text_letter_spacing=\u00bb1px\u00bb background_color=\u00bb#4d5609&#8243; background_enable_image=\u00bboff\u00bb custom_margin=\u00bb-21px||||false|false\u00bb custom_padding=\u00bb|||20px|false|false\u00bb global_colors_info=\u00bb{}\u00bb]<\/p>\n<p>Su canal de Youtube tiene m\u00e1s de 235.000 suscriptores. Y 25 millones de vistas.<\/p>\n<p>[\/et_pb_text][et_pb_text _builder_version=\u00bb4.25.1&#8243; _module_preset=\u00bbdefault\u00bb text_font=\u00bbavant|700|||||||\u00bb text_text_color=\u00bb#FFFFFF\u00bb text_font_size=\u00bb16px\u00bb text_letter_spacing=\u00bb1px\u00bb background_color=\u00bb#4d5609&#8243; background_enable_image=\u00bboff\u00bb custom_margin=\u00bb-21px||||false|false\u00bb custom_padding=\u00bb|||20px|false|false\u00bb global_colors_info=\u00bb{}\u00bb]<\/p>\n<p>Adem\u00e1s, particip\u00f3 del programa de TV \u00abSeguridad Social 4.0\u00bb (Canal Metro- a\u00f1o 2022) y es invitada asidua en programas de radio y televisi\u00f3n como consultora en Derecho Previsional.<\/p>\n<p>[\/et_pb_text][et_pb_text _builder_version=\u00bb4.25.1&#8243; _module_preset=\u00bbdefault\u00bb text_font=\u00bbavant|700|||||||\u00bb text_text_color=\u00bb#FFFFFF\u00bb text_font_size=\u00bb16px\u00bb text_letter_spacing=\u00bb1px\u00bb background_color=\u00bb#4d5609&#8243; background_enable_image=\u00bboff\u00bb custom_margin=\u00bb-21px||||false|false\u00bb custom_padding=\u00bb|||20px|false|false\u00bb global_colors_info=\u00bb{}\u00bb]<\/p>\n<p>Autora de dos libros \u00abTu Mejor Jubilaci\u00f3n\u00bb y \u00abTr\u00e1mite de Jubilaci\u00f3n. Paso a Paso\u00bb. Autora de art\u00edculos de doctrina. Expositora Expositora en conferencias.<\/p>\n<p>[\/et_pb_text][\/et_pb_column][et_pb_column type=\u00bb1_3&#8243; _builder_version=\u00bb4.25.1&#8243; _module_preset=\u00bbdefault\u00bb global_colors_info=\u00bb{}\u00bb][et_pb_image src=\u00bbhttps:\/\/cintiacoturel.com.ar\/builder\/wp-content\/uploads\/2024\/06\/coturel-2.jpg\u00bb title_text=\u00bbcoturel 2&#8243; disabled_on=\u00bbon|on|off\u00bb _builder_version=\u00bb4.25.1&#8243; _module_preset=\u00bbdefault\u00bb width=\u00bb87%\u00bb custom_margin=\u00bb-142px|||-21px||\u00bb border_width_all=\u00bb3px\u00bb border_color_all=\u00bb#FFFFFF\u00bb box_shadow_style=\u00bbpreset1&#8243; box_shadow_color=\u00bb#000000&#8243; global_colors_info=\u00bb{}\u00bb][\/et_pb_image][\/et_pb_column][\/et_pb_row][\/et_pb_section][et_pb_section fb_built=\u00bb1&#8243; module_id=\u00bb1&#8243; _builder_version=\u00bb4.25.1&#8243; _module_preset=\u00bbdefault\u00bb background_color=\u00bb#3b3b3a\u00bb global_colors_info=\u00bb{}\u00bb][et_pb_row _builder_version=\u00bb4.25.1&#8243; _module_preset=\u00bbdefault\u00bb custom_margin=\u00bb-30px|auto||auto||\u00bb global_colors_info=\u00bb{}\u00bb][et_pb_column type=\u00bb4_4&#8243; _builder_version=\u00bb4.25.1&#8243; _module_preset=\u00bbdefault\u00bb global_colors_info=\u00bb{}\u00bb][et_pb_text _builder_version=\u00bb4.25.1&#8243; _module_preset=\u00bbdefault\u00bb text_font=\u00bbavant||||||||\u00bb text_text_color=\u00bb#FFFFFF\u00bb text_font_size=\u00bb33px\u00bb text_orientation=\u00bbcenter\u00bb text_font_size_tablet=\u00bb33px\u00bb text_font_size_phone=\u00bb23px\u00bb text_font_size_last_edited=\u00bbon|phone\u00bb global_colors_info=\u00bb{}\u00bb]<\/p>\n<p>&#8211; MEDIOS DE CONTACTO &#8211;<\/p>\n<p>[\/et_pb_text][\/et_pb_column][\/et_pb_row][et_pb_row column_structure=\u00bb1_3,1_3,1_3&#8243; _builder_version=\u00bb4.25.1&#8243; _module_preset=\u00bbdefault\u00bb width=\u00bb32%\u00bb width_tablet=\u00bb32%\u00bb width_phone=\u00bb29%\u00bb width_last_edited=\u00bbon|phone\u00bb custom_margin=\u00bb-7px|auto||auto||\u00bb custom_padding=\u00bb14px|||||\u00bb global_colors_info=\u00bb{}\u00bb][et_pb_column type=\u00bb1_3&#8243; _builder_version=\u00bb4.25.1&#8243; _module_preset=\u00bbdefault\u00bb global_colors_info=\u00bb{}\u00bb][et_pb_image src=\u00bbhttps:\/\/cintiacoturel.com.ar\/builder\/wp-content\/uploads\/2024\/06\/sobre.png\u00bb title_text=\u00bbsobre\u00bb url=\u00bbmailto:info@estudiocoturel.com\u00bb url_new_window=\u00bbon\u00bb align=\u00bbright\u00bb align_tablet=\u00bbright\u00bb align_phone=\u00bbcenter\u00bb align_last_edited=\u00bbon|phone\u00bb _builder_version=\u00bb4.27.4&#8243; _module_preset=\u00bbdefault\u00bb width=\u00bb70%\u00bb hover_enabled=\u00bb0&#8243; global_colors_info=\u00bb{}\u00bb sticky_enabled=\u00bb0&#8243;][\/et_pb_image][\/et_pb_column][et_pb_column type=\u00bb1_3&#8243; _builder_version=\u00bb4.25.1&#8243; _module_preset=\u00bbdefault\u00bb global_colors_info=\u00bb{}\u00bb][et_pb_image src=\u00bbhttps:\/\/cintiacoturel.com.ar\/builder\/wp-content\/uploads\/2024\/05\/WHATS.png\u00bb title_text=\u00bbWHATS\u00bb url=\u00bbhttps:\/\/api.whatsapp.com\/send?phone=+5491166512499&#8243; url_new_window=\u00bbon\u00bb align=\u00bbcenter\u00bb _builder_version=\u00bb4.25.1&#8243; _module_preset=\u00bbdefault\u00bb width=\u00bb70%\u00bb global_colors_info=\u00bb{}\u00bb][\/et_pb_image][\/et_pb_column][et_pb_column type=\u00bb1_3&#8243; _builder_version=\u00bb4.25.1&#8243; _module_preset=\u00bbdefault\u00bb global_colors_info=\u00bb{}\u00bb][et_pb_image src=\u00bbhttps:\/\/cintiacoturel.com.ar\/builder\/wp-content\/uploads\/2024\/05\/FAQ.png\u00bb title_text=\u00bbFAQ\u00bb url=\u00bbhttps:\/\/www.youtube.com\/watch?v=VRWo4kFEQKc&#038;list=PLPnUJpB79atSrssHXLJ50tSanNW5NjCBB\u00bb url_new_window=\u00bbon\u00bb align_tablet=\u00bb\u00bb align_phone=\u00bbcenter\u00bb align_last_edited=\u00bbon|phone\u00bb _builder_version=\u00bb4.25.1&#8243; _module_preset=\u00bbdefault\u00bb width=\u00bb70%\u00bb global_colors_info=\u00bb{}\u00bb][\/et_pb_image][\/et_pb_column][\/et_pb_row][\/et_pb_section]<\/p>\n","protected":false},"excerpt":{"rendered":"<p>&nbsp; Dra. Cintia Cristina CoturelComenz\u00f3 su carrera trabajando como meritoria en un Juzgado Federal de la Seguridad Social. Posteriormente, pas\u00f3 al \u00e1mbito privado, desempe\u00f1\u00e1ndose como procuradora en un Estudio Jur\u00eddico. Integr\u00f3 el Equipo de Atenci\u00f3n de Casos de Violaciones a los DDHH de la Fundaci\u00f3n Serpaj, presidida por el Premio Nobel de la Paz, Adolfo [&hellip;]<\/p>\n","protected":false},"author":1,"featured_media":0,"parent":0,"menu_order":0,"comment_status":"closed","ping_status":"closed","template":"","meta":{"_et_pb_use_builder":"on","_et_pb_old_content":"<!-- wp:divi\/placeholder \/-->","_et_gb_content_width":"","footnotes":""},"class_list":["post-12","page","type-page","status-publish","hentry"],"_links":{"self":[{"href":"https:\/\/cintiacoturel.com.ar\/builder\/wp-json\/wp\/v2\/pages\/12","targetHints":{"allow":["GET"]}}],"collection":[{"href":"https:\/\/cintiacoturel.com.ar\/builder\/wp-json\/wp\/v2\/pages"}],"about":[{"href":"https:\/\/cintiacoturel.com.ar\/builder\/wp-json\/wp\/v2\/types\/page"}],"author":[{"embeddable":true,"href":"https:\/\/cintiacoturel.com.ar\/builder\/wp-json\/wp\/v2\/users\/1"}],"replies":[{"embeddable":true,"href":"https:\/\/cintiacoturel.com.ar\/builder\/wp-json\/wp\/v2\/comments?post=12"}],"version-history":[{"count":40,"href":"https:\/\/cintiacoturel.com.ar\/builder\/wp-json\/wp\/v2\/pages\/12\/revisions"}],"predecessor-version":[{"id":585,"href":"https:\/\/cintiacoturel.com.ar\/builder\/wp-json\/wp\/v2\/pages\/12\/revisions\/585"}],"wp:attachment":[{"href":"https:\/\/cintiacoturel.com.ar\/builder\/wp-json\/wp\/v2\/media?parent=12"}],"curies":[{"name":"wp","href":"https:\/\/api.w.org\/{rel}","templated":true}]}}